{"id":11,"date":"2014-03-25T09:57:19","date_gmt":"2014-03-25T09:57:19","guid":{"rendered":"http:\/\/tarreglolabici.com\/wp\/?page_id=11"},"modified":"2023-06-20T12:04:07","modified_gmt":"2023-06-20T10:04:07","slug":"contactanos","status":"publish","type":"page","link":"https:\/\/tarreglolabici.com\/wp\/contactanos\/","title":{"rendered":"Contacto"},"content":{"rendered":"<h2><span class=\"tit_rojo_grande\"><span style=\"text-decoration: underline;\">Formulario de Contacto<\/span><\/span><\/h2>\n<h3>Para ponerte en contacto con nosotros, utiliza el formulario de contacto o la direcci\u00f3n de correo electr\u00f3nico.<br \/>\nTe responderemos tan pronto como nos sea posible.<\/h3>\n<div align=\"right\"><a href=\"mailto:ventas@tarreglolabici.com\"><img decoding=\"async\" src=\"imgs\/btnMail.png\" alt=\"\" border=\"0\" \/><\/a><\/div>\n<h2><a class=\"enlace\" href=\"mailto:tarreglolabici@tarreglolabici.com\">tarreglolabici@tarreglolabici.com<\/a><a href=\"mailto:ventas@tarreglolabici.com\"><img decoding=\"async\" src=\"imgs\/btnMail.png\" alt=\"\" border=\"0\" \/><\/a><\/h2>\n<h2>Tambi\u00e9n puedes contactar \u00a0al tel\u00e9fono: \u00a0\u00a0<span class=\"texto_rojo\"><strong>\u00a0<\/strong><\/span><\/h2>\n<h2><span class=\"texto_rojo\"><strong>636333717<\/strong><\/span><\/h2>\n<ul>\n<li>\n<h2>Horario de Lunes a Viernes<\/h2>\n<h2>10h a 14h y 17h a 20h<\/h2>\n<\/li>\n<li>\n<h2>Horario Verano (Julio y Agosto)<\/h2>\n<h2>De Lunes a Viernes<\/h2>\n<h2>9h a 15h<\/h2>\n<\/li>\n<\/ul>\n<p><span class=\"texto_gris\">Nombre: <\/span><input name=\"nombre\" size=\"50\" type=\"text\" \/><span class=\"texto_gris\">\u00a0<\/span><\/p>\n<p><span class=\"texto_gris\">*<\/span><span class=\"texto_gris\">E-Mail:\u00a0\u00a0 <\/span><input name=\"email\" size=\"50\" type=\"text\" \/><span class=\"texto_gris\">\u00a0<\/span><\/p>\n<p><span class=\"texto_gris\">*<\/span><span class=\"texto_gris\">Consulta:<\/span><textarea cols=\"40\" name=\"consulta\" rows=\"5\"><\/textarea><span class=\"texto_gris\">\u00a0<\/span><\/p>\n<p><span class=\"texto_gris\">*<\/span>\u00a0<input name=\"btnEnviar\" type=\"submit\" value=\"Enviar\" \/> \u00a0 <input name=\"btnBorrar\" type=\"reset\" value=\"Borrar\" \/><\/p>\n<div align=\"justify\">\n<p>* Los campos marcados son necesarios para el env\u00edo.<\/p>\n<\/div>\n","protected":false},"excerpt":{"rendered":"<p>Formulario de Contacto Para ponerte en contacto con nosotros, utiliza el formulario de contacto o la direcci\u00f3n de correo electr\u00f3nico. Te responderemos tan pronto como nos sea posible. tarreglolabici@tarreglolabici.com Tambi\u00e9n puedes contactar \u00a0al tel\u00e9fono: \u00a0\u00a0\u00a0 636333717 Horario de Lunes a Viernes 10h a 14h y 17h a 20h Horario Verano (Julio y Agosto) De Lunes [&hellip;]<\/p>\n","protected":false},"author":1,"featured_media":0,"parent":0,"menu_order":0,"comment_status":"open","ping_status":"open","template":"","meta":{"footnotes":""},"categories":[],"tags":[],"class_list":["post-11","page","type-page","status-publish","hentry"],"_links":{"self":[{"href":"https:\/\/tarreglolabici.com\/wp\/wp-json\/wp\/v2\/pages\/11","targetHints":{"allow":["GET"]}}],"collection":[{"href":"https:\/\/tarreglolabici.com\/wp\/wp-json\/wp\/v2\/pages"}],"about":[{"href":"https:\/\/tarreglolabici.com\/wp\/wp-json\/wp\/v2\/types\/page"}],"author":[{"embeddable":true,"href":"https:\/\/tarreglolabici.com\/wp\/wp-json\/wp\/v2\/users\/1"}],"replies":[{"embeddable":true,"href":"https:\/\/tarreglolabici.com\/wp\/wp-json\/wp\/v2\/comments?post=11"}],"version-history":[{"count":11,"href":"https:\/\/tarreglolabici.com\/wp\/wp-json\/wp\/v2\/pages\/11\/revisions"}],"predecessor-version":[{"id":7800,"href":"https:\/\/tarreglolabici.com\/wp\/wp-json\/wp\/v2\/pages\/11\/revisions\/7800"}],"wp:attachment":[{"href":"https:\/\/tarreglolabici.com\/wp\/wp-json\/wp\/v2\/media?parent=11"}],"wp:term":[{"taxonomy":"category","embeddable":true,"href":"https:\/\/tarreglolabici.com\/wp\/wp-json\/wp\/v2\/categories?post=11"},{"taxonomy":"post_tag","embeddable":true,"href":"https:\/\/tarreglolabici.com\/wp\/wp-json\/wp\/v2\/tags?post=11"}],"curies":[{"name":"wp","href":"https:\/\/api.w.org\/{rel}","templated":true}]}}